{"id":1508,"date":"2025-11-13T18:51:23","date_gmt":"2025-11-13T18:51:23","guid":{"rendered":"https:\/\/taina-mangeot.icca-reims.fr\/?page_id=1508"},"modified":"2025-12-22T00:39:32","modified_gmt":"2025-12-22T00:39:32","slug":"creations-graphiques","status":"publish","type":"page","link":"https:\/\/taina-mangeot.icca-reims.fr\/?page_id=1508","title":{"rendered":"cr\u00e9ations graphiques"},"content":{"rendered":"\t\t<div data-elementor-type=\"wp-page\" data-elementor-id=\"1508\" class=\"elementor elementor-1508\" data-elementor-post-type=\"page\">\n\t\t\t\t<div class=\"elementor-element elementor-element-f2384dd animated-slow e-flex e-con-boxed wpr-particle-no wpr-jarallax-no wpr-parallax-no wpr-sticky-section-no wpr-equal-height-no elementor-invisible e-con e-parent\" data-id=\"f2384dd\" data-element_type=\"container\" data-e-type=\"container\" data-settings=\"{&quot;animation&quot;:&quot;fadeIn&quot;,&quot;animation_delay&quot;:200}\">\n\t\t\t\t\t<div class=\"e-con-inner\">\n\t\t\t\t<div class=\"elementor-element elementor-element-6ebd545 elementor-widget elementor-widget-heading\" data-id=\"6ebd545\" data-element_type=\"widget\" data-e-type=\"widget\" data-widget_type=\"heading.default\">\n\t\t\t\t\t<h2 class=\"elementor-heading-title elementor-size-default\">PROJET ETHEREAL<\/h2>\t\t\t\t<\/div>\n\t\t\t\t<div class=\"elementor-element elementor-element-ab751a2 elementor-widget elementor-widget-text-editor\" data-id=\"ab751a2\" data-element_type=\"widget\" data-e-type=\"widget\" data-widget_type=\"text-editor.default\">\n\t\t\t\t\t\t\t\t\t<p>Dans le cadre d\u2019un projet fictif en communication, j\u2019ai \u00e9t\u00e9 amen\u00e9e \u00e0 imaginer un \u00e9v\u00e9nement et \u00e0 concevoir l\u2019ensemble des supports de communication qui l\u2019accompagnent \u00e0 l&rsquo;aide de <strong>Photoshop<\/strong>. Ce travail m\u2019a permis de mettre en pratique mes comp\u00e9tences en conception visuelle, en r\u00e9daction et en strat\u00e9gie \u00e9ditoriale, tout en d\u00e9veloppant une approche coh\u00e9rente et cr\u00e9ative autour d\u2019un concept original. L\u2019objectif \u00e9tait de donner vie \u00e0 un projet complet, allant de l\u2019id\u00e9e initiale \u00e0 la r\u00e9alisation des outils n\u00e9cessaires pour le promouvoir<\/p>\t\t\t\t\t\t\t\t<\/div>\n\t\t\t\t<div class=\"elementor-element elementor-element-be7ba19 elementor-widget elementor-widget-image\" data-id=\"be7ba19\" data-element_type=\"widget\" data-e-type=\"widget\" data-widget_type=\"image.default\">\n\t\t\t\t\t\t\t\t\t\t\t\t\t\t\t<img decoding=\"async\" src=\"https:\/\/taina-mangeot.icca-reims.fr\/wp-content\/uploads\/elementor\/thumbs\/affiches-reukipr0re60g3wnm5vaievps5t6d2i9wp4b8ppxq8.png\" title=\"affiches\" alt=\"affiches\" loading=\"lazy\" \/>\t\t\t\t\t\t\t\t\t\t\t\t\t\t\t<\/div>\n\t\t\t\t\t<\/div>\n\t\t\t\t<\/div>\n\t\t<div class=\"elementor-element elementor-element-609efbc animated-slow e-flex e-con-boxed wpr-particle-no wpr-jarallax-no wpr-parallax-no wpr-sticky-section-no wpr-equal-height-no elementor-invisible e-con e-parent\" data-id=\"609efbc\" data-element_type=\"container\" data-e-type=\"container\" data-settings=\"{&quot;animation&quot;:&quot;fadeIn&quot;,&quot;animation_delay&quot;:100}\">\n\t\t\t\t\t<div class=\"e-con-inner\">\n\t\t\t\t<div class=\"elementor-element elementor-element-d3109ff elementor-widget elementor-widget-text-editor\" data-id=\"d3109ff\" data-element_type=\"widget\" data-e-type=\"widget\" data-widget_type=\"text-editor.default\">\n\t\t\t\t\t\t\t\t\t<p class=\"cvGsUA direction-ltr align-start para-style-body\"><span class=\"a_GcMg font-feature-liga-off font-feature-clig-off font-feature-calt-off text-decoration-none text-strikethrough-none\">Mon projet s&rsquo;articule autour de la cr\u00e9ation d&rsquo;une identit\u00e9 visuelle pour l&rsquo;\u00e9v\u00e9nement \u00ab\u00a0ETHEREAL Pr\u00e9sente Water Reflection Show\u00a0\u00bb, un d\u00e9fil\u00e9 de mode.<\/span><\/p><ul><li><span class=\"a_GcMg font-feature-liga-off font-feature-clig-off font-feature-calt-off text-decoration-none text-strikethrough-none\">Th\u00e8me: L&rsquo;eau et ses reflets, inspir\u00e9s par les diff\u00e9rentes profondeurs de l&rsquo;oc\u00e9an.<\/span><\/li><\/ul><ul><li><span class=\"a_GcMg font-feature-liga-off font-feature-clig-off font-feature-calt-off text-decoration-none text-strikethrough-none\">Ton et Ambiance: Le ton est r\u00e9solument \u00e9l\u00e9gant, myst\u00e9rieux et immersif. L&rsquo;objectif est de transporter le public \u00e0 travers un voyage visuel allant de la lumi\u00e8re \u00e9clatante de la surface aux myst\u00e8res des abysses.<\/span><\/li><\/ul><ul><li><span class=\"a_GcMg font-feature-liga-off font-feature-clig-off font-feature-calt-off text-decoration-none text-strikethrough-none\">Intention sur la Lumi\u00e8re\/Couleur : La lumi\u00e8re est le fil conducteur. Le soleil repr\u00e9sente la lumi\u00e8re, et celle-ci devient progressivement moins claire pour aller vers des tons orange\/sombre (coucher de soleil), symbolisant la profondeur croissante. Les effets de lumi\u00e8re sur l&rsquo;eau (reflets, scintillements, vagues) varient selon cette intensit\u00e9.<\/span><\/li><\/ul><ul><li><span class=\"a_GcMg font-feature-liga-off font-feature-clig-off font-feature-calt-off text-decoration-none text-strikethrough-none\">Intention sur la Composition : Les visuels exploitent le contrasteA entre un sujet central et un fond textur\u00e9 d&rsquo;eau, o\u00f9 l&rsquo;effet de reflet est primordial, cr\u00e9ant une sym\u00e9trie et une immersion.<\/span><\/li><\/ul>\t\t\t\t\t\t\t\t<\/div>\n\t\t\t\t\t<\/div>\n\t\t\t\t<\/div>\n\t\t<div class=\"elementor-element elementor-element-c7fc394 animated-slow elementor-hidden-mobile e-flex e-con-boxed wpr-particle-no wpr-jarallax-no wpr-parallax-no wpr-sticky-section-no wpr-equal-height-no elementor-invisible e-con e-parent\" data-id=\"c7fc394\" data-element_type=\"container\" data-e-type=\"container\" data-settings=\"{&quot;animation&quot;:&quot;slideInUp&quot;,&quot;animation_delay&quot;:100}\">\n\t\t\t\t\t<div class=\"e-con-inner\">\n\t\t<div class=\"elementor-element elementor-element-8b98f70 e-con-full e-flex wpr-particle-no wpr-jarallax-no wpr-parallax-no wpr-sticky-section-no wpr-equal-height-no e-con e-child\" data-id=\"8b98f70\" data-element_type=\"container\" data-e-type=\"container\">\n\t\t\t\t<div class=\"elementor-element elementor-element-0e710f2 elementor-widget elementor-widget-heading\" data-id=\"0e710f2\" data-element_type=\"widget\" data-e-type=\"widget\" data-widget_type=\"heading.default\">\n\t\t\t\t\t<h4 class=\"elementor-heading-title elementor-size-default\">SUNLIGHT ZONE -PART. I <\/h4>\t\t\t\t<\/div>\n\t\t\t\t<div class=\"elementor-element elementor-element-4b2e32e elementor-widget elementor-widget-image\" data-id=\"4b2e32e\" data-element_type=\"widget\" data-e-type=\"widget\" data-widget_type=\"image.default\">\n\t\t\t\t\t\t\t\t\t\t\t\t\t\t\t<img decoding=\"async\" src=\"https:\/\/taina-mangeot.icca-reims.fr\/wp-content\/uploads\/elementor\/thumbs\/FLYER-MOCKUP-2-reuh7nj7lun99wlmesgvcl2ap4c0w0fkc0f1sxhxs0.jpg\" title=\"FLYER-MOCKUP\" alt=\"FLYER-MOCKUP\" loading=\"lazy\" \/>\t\t\t\t\t\t\t\t\t\t\t\t\t\t\t<\/div>\n\t\t\t\t<\/div>\n\t\t<div class=\"elementor-element elementor-element-30b2e9d e-con-full e-flex wpr-particle-no wpr-jarallax-no wpr-parallax-no wpr-sticky-section-no wpr-equal-height-no e-con e-child\" data-id=\"30b2e9d\" data-element_type=\"container\" data-e-type=\"container\">\n\t\t\t\t<div class=\"elementor-element elementor-element-4928d69 elementor-widget elementor-widget-text-editor\" data-id=\"4928d69\" data-element_type=\"widget\" data-e-type=\"widget\" data-widget_type=\"text-editor.default\">\n\t\t\t\t\t\t\t\t\t<h4><span style=\"text-decoration: underline;\"><strong>Flyer<\/strong><\/span><\/h4><ul><li><p><b>Intention :<\/b> Communiquer la l\u00e9g\u00e8ret\u00e9, la clart\u00e9 et l&rsquo;invitation<\/p><\/li><li><p><b>Traitement graphique :<\/b> Inspir\u00e9 de la <b>partie la plus claire de l&rsquo;oc\u00e9an (la surface)<\/b>.<\/p><p>Ce support repr\u00e9sente la <b><span class=\"math-inline\" data-math=\"1^{\u00e8re}\">1\u00e8re\u00a0\u00a0<\/span>partie du d\u00e9fil\u00e9<\/b>. L&rsquo;ambiance visuelle est domin\u00e9e par des teintes <b>claires et lumineuses<\/b>.<\/p><p>Le jeu de reflet y est <b>vif et direct<\/b>, symbolisant l&rsquo;\u00e9nergie de la surface, o\u00f9 la lumi\u00e8re p\u00e9n\u00e8tre le mieux.<\/p><\/li><\/ul>\t\t\t\t\t\t\t\t<\/div>\n\t\t\t\t<\/div>\n\t\t\t\t\t<\/div>\n\t\t\t\t<\/div>\n\t\t<div class=\"elementor-element elementor-element-2aa4f92 animated-slow elementor-hidden-desktop elementor-hidden-tablet e-flex e-con-boxed wpr-particle-no wpr-jarallax-no wpr-parallax-no wpr-sticky-section-no wpr-equal-height-no elementor-invisible e-con e-parent\" data-id=\"2aa4f92\" data-element_type=\"container\" data-e-type=\"container\" data-settings=\"{&quot;animation&quot;:&quot;slideInUp&quot;,&quot;animation_delay&quot;:100}\">\n\t\t\t\t\t<div class=\"e-con-inner\">\n\t\t<div class=\"elementor-element elementor-element-27c907f e-con-full e-flex wpr-particle-no wpr-jarallax-no wpr-parallax-no wpr-sticky-section-no wpr-equal-height-no e-con e-child\" data-id=\"27c907f\" data-element_type=\"container\" data-e-type=\"container\">\n\t\t\t\t<div class=\"elementor-element elementor-element-6cd880c elementor-widget elementor-widget-heading\" data-id=\"6cd880c\" data-element_type=\"widget\" data-e-type=\"widget\" data-widget_type=\"heading.default\">\n\t\t\t\t\t<h4 class=\"elementor-heading-title elementor-size-default\">SUNLIGHT ZONE -PART. I <\/h4>\t\t\t\t<\/div>\n\t\t\t\t<div class=\"elementor-element elementor-element-91e32bb elementor-widget elementor-widget-image\" data-id=\"91e32bb\" data-element_type=\"widget\" data-e-type=\"widget\" data-widget_type=\"image.default\">\n\t\t\t\t\t\t\t\t\t\t\t\t\t\t\t<img decoding=\"async\" src=\"https:\/\/taina-mangeot.icca-reims.fr\/wp-content\/uploads\/elementor\/thumbs\/FLYER-MOCKUP-2-reuh7nj7lun99wlmesgvcl2ap4c0w0fkc0f1sxhxs0.jpg\" title=\"FLYER-MOCKUP\" alt=\"FLYER-MOCKUP\" loading=\"lazy\" \/>\t\t\t\t\t\t\t\t\t\t\t\t\t\t\t<\/div>\n\t\t\t\t<\/div>\n\t\t<div class=\"elementor-element elementor-element-9ccc72c e-con-full e-flex wpr-particle-no wpr-jarallax-no wpr-parallax-no wpr-sticky-section-no wpr-equal-height-no e-con e-child\" data-id=\"9ccc72c\" data-element_type=\"container\" data-e-type=\"container\">\n\t\t\t\t<div class=\"elementor-element elementor-element-1b028e2 elementor-widget elementor-widget-text-editor\" data-id=\"1b028e2\" data-element_type=\"widget\" data-e-type=\"widget\" data-widget_type=\"text-editor.default\">\n\t\t\t\t\t\t\t\t\t<h4><span style=\"text-decoration: underline;\"><strong>Flyer<\/strong><\/span><\/h4><ul><li><p><b>Intention :<\/b> Communiquer la l\u00e9g\u00e8ret\u00e9, la clart\u00e9 et l&rsquo;invitation<\/p><\/li><li><p><b>Traitement graphique :<\/b> Inspir\u00e9 de la <b>partie la plus claire de l&rsquo;oc\u00e9an (la surface)<\/b>.<\/p><p>Ce support repr\u00e9sente la <b><span class=\"math-inline\" data-math=\"1^{\u00e8re}\">1\u00e8re\u00a0\u00a0<\/span>partie du d\u00e9fil\u00e9<\/b>. L&rsquo;ambiance visuelle est domin\u00e9e par des teintes <b>claires et lumineuses<\/b>.<\/p><p>Le jeu de reflet y est <b>vif et direct<\/b>, symbolisant l&rsquo;\u00e9nergie de la surface, o\u00f9 la lumi\u00e8re p\u00e9n\u00e8tre le mieux.<\/p><\/li><\/ul>\t\t\t\t\t\t\t\t<\/div>\n\t\t\t\t<\/div>\n\t\t\t\t\t<\/div>\n\t\t\t\t<\/div>\n\t\t<div class=\"elementor-element elementor-element-335acff animated-slow e-flex e-con-boxed wpr-particle-no wpr-jarallax-no wpr-parallax-no wpr-sticky-section-no wpr-equal-height-no elementor-invisible e-con e-parent\" data-id=\"335acff\" data-element_type=\"container\" data-e-type=\"container\" data-settings=\"{&quot;animation&quot;:&quot;slideInUp&quot;,&quot;animation_delay&quot;:200}\">\n\t\t\t\t\t<div class=\"e-con-inner\">\n\t\t<div class=\"elementor-element elementor-element-c60d9d1 e-con-full e-flex wpr-particle-no wpr-jarallax-no wpr-parallax-no wpr-sticky-section-no wpr-equal-height-no e-con e-child\" data-id=\"c60d9d1\" data-element_type=\"container\" data-e-type=\"container\">\n\t\t\t\t<div class=\"elementor-element elementor-element-9442ee7 elementor-widget elementor-widget-heading\" data-id=\"9442ee7\" data-element_type=\"widget\" data-e-type=\"widget\" data-widget_type=\"heading.default\">\n\t\t\t\t\t<h4 class=\"elementor-heading-title elementor-size-default\">MIDNIGHT ZONE PART. II<\/h4>\t\t\t\t<\/div>\n\t\t\t\t<div class=\"elementor-element elementor-element-b95c67b elementor-widget elementor-widget-image\" data-id=\"b95c67b\" data-element_type=\"widget\" data-e-type=\"widget\" data-widget_type=\"image.default\">\n\t\t\t\t\t\t\t\t\t\t\t\t\t\t\t<img decoding=\"async\" src=\"https:\/\/taina-mangeot.icca-reims.fr\/wp-content\/uploads\/elementor\/thumbs\/popo-1-reuh9i9r336m67wol3bdrm80vh732isi96qivkqzi8.jpg\" title=\"popo\" alt=\"popo\" loading=\"lazy\" \/>\t\t\t\t\t\t\t\t\t\t\t\t\t\t\t<\/div>\n\t\t\t\t<div class=\"elementor-element elementor-element-69af36f elementor-widget elementor-widget-text-editor\" data-id=\"69af36f\" data-element_type=\"widget\" data-e-type=\"widget\" data-widget_type=\"text-editor.default\">\n\t\t\t\t\t\t\t\t\t<h5><span style=\"text-decoration: underline;\"><strong>Poste Instagram<\/strong><\/span><\/h5><ul><li><p><b>Intention :<\/b> Cr\u00e9er de l&rsquo;engagement social autour d&rsquo;un d\u00e9tail mode embl\u00e9matique.<\/p><\/li><li><p><b>Traitement graphique :<\/b> Ce visuel symbolise la <b>zone interm\u00e9diaire (Midnight Zone)<\/b> et la <b><span class=\"math-inline\" data-math=\"2^{\u00e8me}\">2\u00e8me<\/span>\u00a0partie du d\u00e9fil\u00e9<\/b>.<\/p><p>Il utilise une couleur plus <b>bleu fonc\u00e9<\/b>, l&rsquo;atmosph\u00e8re est plus dense et <b>satur\u00e9e<\/b>, \u00e9voquant la profondeur moyenne o\u00f9 la lumi\u00e8re s&rsquo;estompe.<\/p><p>La composition met l&rsquo;accent sur le <b>contraste<\/b> entre l&rsquo;objet (la botte) et le fond, soulignant une esth\u00e9tique de <i>shooting<\/i> mode plus sombre et sophistiqu\u00e9e.<\/p><\/li><\/ul>\t\t\t\t\t\t\t\t<\/div>\n\t\t\t\t<\/div>\n\t\t<div class=\"elementor-element elementor-element-a44a8d8 e-con-full e-flex wpr-particle-no wpr-jarallax-no wpr-parallax-no wpr-sticky-section-no wpr-equal-height-no e-con e-child\" data-id=\"a44a8d8\" data-element_type=\"container\" data-e-type=\"container\">\n\t\t\t\t<div class=\"elementor-element elementor-element-4123a40 elementor-widget elementor-widget-heading\" data-id=\"4123a40\" data-element_type=\"widget\" data-e-type=\"widget\" data-widget_type=\"heading.default\">\n\t\t\t\t\t<h4 class=\"elementor-heading-title elementor-size-default\">ABYSS - PART. III<\/h4>\t\t\t\t<\/div>\n\t\t\t\t<div class=\"elementor-element elementor-element-a0f5031 elementor-widget elementor-widget-image\" data-id=\"a0f5031\" data-element_type=\"widget\" data-e-type=\"widget\" data-widget_type=\"image.default\">\n\t\t\t\t\t\t\t\t\t\t\t\t\t\t\t<img decoding=\"async\" src=\"https:\/\/taina-mangeot.icca-reims.fr\/wp-content\/uploads\/elementor\/thumbs\/YRT-1-reuh71wx8ntnuvh0x14g98ip19akyz1ql1evrkdzr4.jpg\" title=\"YRT\" alt=\"YRT\" loading=\"lazy\" \/>\t\t\t\t\t\t\t\t\t\t\t\t\t\t\t<\/div>\n\t\t\t\t<div class=\"elementor-element elementor-element-2b2598c elementor-widget elementor-widget-text-editor\" data-id=\"2b2598c\" data-element_type=\"widget\" data-e-type=\"widget\" data-widget_type=\"text-editor.default\">\n\t\t\t\t\t\t\t\t\t<h5><span style=\"text-decoration: underline;\"><strong>Affiche<\/strong><\/span><\/h5><ul><li><p><b>Intention :<\/b> Marquer l&rsquo;\u00e9v\u00e9nement avec une image forte et dramatique.<\/p><\/li><li><p><b>Traitement graphique :<\/b> Inspir\u00e9 des <b>abysses<\/b>, ce visuel repr\u00e9sente la <b><span class=\"math-inline\" data-math=\"3^{\u00e8me}\">3\u00e8me<\/span>\u00a0partie du d\u00e9fil\u00e9<\/b>.<\/p><p>La lumi\u00e8re y est la plus faible, d&rsquo;o\u00f9 le choix d&rsquo;une intensit\u00e9 <b>\u00ab\u00a0de moins en moins claire\u00a0\u00bb<\/b> et de plus en plus <b>orange (couch\u00e9 de soleil)<\/b>.<\/p><p>Les reflets sur l&rsquo;eau sont plus <b>diffus et abstraits<\/b>, cr\u00e9ant un sentiment d&rsquo;isolement et de profondeur extr\u00eame, et servant de <b>point culminant dramatique<\/b> au show.<\/p><\/li><\/ul>\t\t\t\t\t\t\t\t<\/div>\n\t\t\t\t<\/div>\n\t\t\t\t\t<\/div>\n\t\t\t\t<\/div>\n\t\t<div class=\"elementor-element elementor-element-4bdda63 animated-slow e-flex e-con-boxed wpr-particle-no wpr-jarallax-no wpr-parallax-no wpr-sticky-section-no wpr-equal-height-no elementor-invisible e-con e-parent\" data-id=\"4bdda63\" data-element_type=\"container\" data-e-type=\"container\" data-settings=\"{&quot;animation&quot;:&quot;fadeIn&quot;,&quot;animation_delay&quot;:200}\">\n\t\t\t\t\t<div class=\"e-con-inner\">\n\t\t\t\t<div class=\"elementor-element elementor-element-d2e38a3 elementor-widget elementor-widget-heading\" data-id=\"d2e38a3\" data-element_type=\"widget\" data-e-type=\"widget\" data-widget_type=\"heading.default\">\n\t\t\t\t\t<h2 class=\"elementor-heading-title elementor-size-default\">LE R\u00c9VEIL DES LOUPS<\/h2>\t\t\t\t<\/div>\n\t\t\t\t<div class=\"elementor-element elementor-element-ce8cf96 elementor-widget elementor-widget-image\" data-id=\"ce8cf96\" data-element_type=\"widget\" data-e-type=\"widget\" data-widget_type=\"image.default\">\n\t\t\t\t\t\t\t\t\t\t\t\t\t\t\t<img fetchpriority=\"high\" decoding=\"async\" width=\"800\" height=\"450\" src=\"https:\/\/taina-mangeot.icca-reims.fr\/wp-content\/uploads\/2025\/11\/affiches-halloween-1024x576.png\" class=\"attachment-large size-large wp-image-1909\" alt=\"\" srcset=\"https:\/\/taina-mangeot.icca-reims.fr\/wp-content\/uploads\/2025\/11\/affiches-halloween-1024x576.png 1024w, https:\/\/taina-mangeot.icca-reims.fr\/wp-content\/uploads\/2025\/11\/affiches-halloween-300x169.png 300w, https:\/\/taina-mangeot.icca-reims.fr\/wp-content\/uploads\/2025\/11\/affiches-halloween-768x432.png 768w, https:\/\/taina-mangeot.icca-reims.fr\/wp-content\/uploads\/2025\/11\/affiches-halloween-1536x864.png 1536w, https:\/\/taina-mangeot.icca-reims.fr\/wp-content\/uploads\/2025\/11\/affiches-halloween.png 1920w\" sizes=\"(max-width: 800px) 100vw, 800px\" \/>\t\t\t\t\t\t\t\t\t\t\t\t\t\t\t<\/div>\n\t\t\t\t<div class=\"elementor-element elementor-element-2fdcfe5 elementor-widget elementor-widget-text-editor\" data-id=\"2fdcfe5\" data-element_type=\"widget\" data-e-type=\"widget\" data-widget_type=\"text-editor.default\">\n\t\t\t\t\t\t\t\t\t<p>Pour la rentr\u00e9e de janvier 2027 au campus Eductive Reims, nous avons imagin\u00e9 un \u00e9v\u00e9nement immersif sur le th\u00e8me d\u2019Halloween : <em>Le R\u00e9veil des Loups<\/em>. Inspir\u00e9 du jeu <em>Loup-Garou<\/em>, il se d\u00e9cline sur deux dates une soir\u00e9e pour les \u00e9l\u00e8ves et une journ\u00e9e JPO pour les prospects. J\u2019ai r\u00e9alis\u00e9 les supports de communication \u00e0 l&rsquo;aide de <strong>canva<\/strong>, dont un flyer et une affiche imprim\u00e9e en deux versions selon le public vis\u00e9.<\/p>\t\t\t\t\t\t\t\t<\/div>\n\t\t\t\t\t<\/div>\n\t\t\t\t<\/div>\n\t\t<div class=\"elementor-element elementor-element-b6834c9 animated-slow e-flex e-con-boxed wpr-particle-no wpr-jarallax-no wpr-parallax-no wpr-sticky-section-no wpr-equal-height-no elementor-invisible e-con e-parent\" data-id=\"b6834c9\" data-element_type=\"container\" data-e-type=\"container\" data-settings=\"{&quot;animation&quot;:&quot;slideInUp&quot;,&quot;animation_delay&quot;:100}\">\n\t\t\t\t\t<div class=\"e-con-inner\">\n\t\t<div class=\"elementor-element elementor-element-110c26a e-con-full e-flex wpr-particle-no wpr-jarallax-no wpr-parallax-no wpr-sticky-section-no wpr-equal-height-no e-con e-child\" data-id=\"110c26a\" data-element_type=\"container\" data-e-type=\"container\">\n\t\t\t\t<div class=\"elementor-element elementor-element-f15c69a elementor-widget elementor-widget-image\" data-id=\"f15c69a\" data-element_type=\"widget\" data-e-type=\"widget\" data-widget_type=\"image.default\">\n\t\t\t\t\t\t\t\t\t\t\t\t\t\t\t<img decoding=\"async\" src=\"https:\/\/taina-mangeot.icca-reims.fr\/wp-content\/uploads\/elementor\/thumbs\/THFH-recq5xzsc1kb6hodlg2fozuhkkjplvczcbldmsajpc.jpg\" title=\"THFH\" alt=\"THFH\" loading=\"lazy\" \/>\t\t\t\t\t\t\t\t\t\t\t\t\t\t\t<\/div>\n\t\t\t\t<div class=\"elementor-element elementor-element-eed26d2 elementor-widget elementor-widget-text-editor\" data-id=\"eed26d2\" data-element_type=\"widget\" data-e-type=\"widget\" data-widget_type=\"text-editor.default\">\n\t\t\t\t\t\t\t\t\t<h5><span style=\"text-decoration: underline;\"><strong>Flyer<\/strong><\/span><\/h5><ul><li><p><strong>Intention<\/strong> : Informer rapidement et efficacement les prospects sur l\u2019\u00e9v\u00e9nement JPO, tout en \u00e9veillant leur curiosit\u00e9.<\/p><\/li><li><p><strong>Traitement graphique<\/strong> : Le fond beige contraste avec les visuels sombres des affiches, cr\u00e9ant une rupture visuelle qui attire l\u2019\u0153il. La griffe en \u00e9l\u00e9ment central \u00e9voque le th\u00e8me du loup-garou tout en gardant une esth\u00e9tique \u00e9pur\u00e9e. Le format compact et direct permet une diffusion facile en main \u00e0 main ou en d\u00e9p\u00f4t<\/p><\/li><\/ul>\t\t\t\t\t\t\t\t<\/div>\n\t\t\t\t<\/div>\n\t\t<div class=\"elementor-element elementor-element-9b5c030 e-con-full e-flex wpr-particle-no wpr-jarallax-no wpr-parallax-no wpr-sticky-section-no wpr-equal-height-no e-con e-child\" data-id=\"9b5c030\" data-element_type=\"container\" data-e-type=\"container\">\n\t\t\t\t<div class=\"elementor-element elementor-element-1f8bb4e elementor-widget elementor-widget-image\" data-id=\"1f8bb4e\" data-element_type=\"widget\" data-e-type=\"widget\" data-widget_type=\"image.default\">\n\t\t\t\t\t\t\t\t\t\t\t\t\t\t\t<img decoding=\"async\" src=\"https:\/\/taina-mangeot.icca-reims.fr\/wp-content\/uploads\/elementor\/thumbs\/RFEAD-recq5x1y57j0uvpqqxnt4i30z6oce69906xw5ibxvk.jpg\" title=\"RFEAD\" alt=\"RFEAD\" loading=\"lazy\" \/>\t\t\t\t\t\t\t\t\t\t\t\t\t\t\t<\/div>\n\t\t\t\t<div class=\"elementor-element elementor-element-b590e18 elementor-widget elementor-widget-text-editor\" data-id=\"b590e18\" data-element_type=\"widget\" data-e-type=\"widget\" data-widget_type=\"text-editor.default\">\n\t\t\t\t\t\t\t\t\t<h5><span style=\"text-decoration: underline;\"><strong>Affiche<\/strong><\/span><\/h5><ul><li><p><strong>Intention<\/strong> : Cr\u00e9er une identit\u00e9 forte et immersive autour de l\u2019\u00e9v\u00e9nement <em>Le R\u00e9veil des Loups<\/em>, en attirant deux publics distincts les \u00e9l\u00e8ves du campus et les futurs \u00e9tudiants tout en gardant une coh\u00e9rence visuelle.<\/p><\/li><li><p><strong>Traitement graphique<\/strong> : L\u2019affiche repose sur une ambiance sombre et myst\u00e9rieuse, avec une pleine lune, des silhouettes de loups et une architecture inqui\u00e9tante du campus. Elle \u00e9voque l\u2019univers du jeu <em>Loup-Garou<\/em> en grandeur nature. La composition est identique pour les deux impressions, seule la date change :<\/p><ul><li><p><strong>Version 1<\/strong> : pour les \u00e9l\u00e8ves, avec la date de la soir\u00e9e immersive.<\/p><\/li><li><p><strong>Version 2<\/strong> : pour les prospects, avec la date de la JPO en journ\u00e9e. Cette double impression permet de cibler chaque public tout en conservant une esth\u00e9tique coh\u00e9rente et impactante.<\/p><\/li><\/ul><\/li><\/ul>\t\t\t\t\t\t\t\t<\/div>\n\t\t\t\t<\/div>\n\t\t\t\t\t<\/div>\n\t\t\t\t<\/div>\n\t\t<div class=\"elementor-element elementor-element-2bc1905 e-flex e-con-boxed wpr-particle-no wpr-jarallax-no wpr-parallax-no wpr-sticky-section-no wpr-equal-height-no e-con e-parent\" data-id=\"2bc1905\" data-element_type=\"container\" data-e-type=\"container\">\n\t\t\t\t\t<div class=\"e-con-inner\">\n\t\t\t\t<div class=\"elementor-element elementor-element-60e7b14 elementor-absolute elementor-invisible elementor-widget elementor-widget-image\" data-id=\"60e7b14\" data-element_type=\"widget\" data-e-type=\"widget\" data-settings=\"{&quot;_position&quot;:&quot;absolute&quot;,&quot;_animation&quot;:&quot;fadeIn&quot;}\" data-widget_type=\"image.default\">\n\t\t\t\t\t\t\t\t\t\t\t\t\t\t\t<img decoding=\"async\" width=\"683\" height=\"1024\" src=\"https:\/\/taina-mangeot.icca-reims.fr\/wp-content\/uploads\/2025\/11\/distribution-1-683x1024.png\" class=\"attachment-large size-large wp-image-1959\" alt=\"\" srcset=\"https:\/\/taina-mangeot.icca-reims.fr\/wp-content\/uploads\/2025\/11\/distribution-1-683x1024.png 683w, https:\/\/taina-mangeot.icca-reims.fr\/wp-content\/uploads\/2025\/11\/distribution-1-200x300.png 200w, https:\/\/taina-mangeot.icca-reims.fr\/wp-content\/uploads\/2025\/11\/distribution-1-768x1152.png 768w, https:\/\/taina-mangeot.icca-reims.fr\/wp-content\/uploads\/2025\/11\/distribution-1.png 1024w\" sizes=\"(max-width: 683px) 100vw, 683px\" \/>\t\t\t\t\t\t\t\t\t\t\t\t\t\t\t<\/div>\n\t\t\t\t\t<\/div>\n\t\t\t\t<\/div>\n\t\t\t\t<\/div>\n\t\t","protected":false},"excerpt":{"rendered":"<p>PROJET ETHEREAL Dans le cadre d\u2019un projet fictif en communication, j\u2019ai \u00e9t\u00e9 amen\u00e9e \u00e0 imaginer un \u00e9v\u00e9nement et \u00e0 concevoir l\u2019ensemble des supports de communication qui l\u2019accompagnent \u00e0 l&rsquo;aide de Photoshop. Ce travail m\u2019a permis de mettre en pratique mes comp\u00e9tences en conception visuelle, en r\u00e9daction et en strat\u00e9gie \u00e9ditoriale, tout en d\u00e9veloppant une approche coh\u00e9rente et cr\u00e9ative autour d\u2019un concept original. L\u2019objectif \u00e9tait de donner vie \u00e0 un projet complet, allant de l\u2019id\u00e9e initiale \u00e0 la r\u00e9alisation des outils n\u00e9cessaires pour le promouvoir Mon projet s&rsquo;articule autour de la cr\u00e9ation d&rsquo;une identit\u00e9 visuelle pour l&rsquo;\u00e9v\u00e9nement \u00ab\u00a0ETHEREAL Pr\u00e9sente Water Reflection Show\u00a0\u00bb, un d\u00e9fil\u00e9 de mode. Th\u00e8me: L&rsquo;eau et ses reflets, inspir\u00e9s par les diff\u00e9rentes profondeurs de l&rsquo;oc\u00e9an. Ton et Ambiance: Le ton est r\u00e9solument \u00e9l\u00e9gant, myst\u00e9rieux et immersif. L&rsquo;objectif est de transporter le public \u00e0 travers un voyage visuel allant de la lumi\u00e8re \u00e9clatante de la surface aux myst\u00e8res des abysses. Intention sur la Lumi\u00e8re\/Couleur : La lumi\u00e8re est le fil conducteur. Le soleil repr\u00e9sente la lumi\u00e8re, et celle-ci devient progressivement moins claire pour aller vers des tons orange\/sombre (coucher de soleil), symbolisant la profondeur croissante. Les effets de lumi\u00e8re sur l&rsquo;eau (reflets, scintillements, vagues) varient selon cette intensit\u00e9. Intention sur la Composition : Les visuels exploitent le contrasteA entre un sujet central et un fond textur\u00e9 d&rsquo;eau, o\u00f9 l&rsquo;effet de reflet est primordial, cr\u00e9ant une sym\u00e9trie et une immersion. SUNLIGHT ZONE -PART. I Flyer Intention : Communiquer la l\u00e9g\u00e8ret\u00e9, la clart\u00e9 et l&rsquo;invitation Traitement graphique : Inspir\u00e9 de la partie la plus claire de l&rsquo;oc\u00e9an (la surface). Ce support repr\u00e9sente la 1\u00e8re\u00a0\u00a0partie du d\u00e9fil\u00e9. L&rsquo;ambiance visuelle est domin\u00e9e par des teintes claires et lumineuses. Le jeu de reflet y est vif et direct, symbolisant l&rsquo;\u00e9nergie de la surface, o\u00f9 la lumi\u00e8re p\u00e9n\u00e8tre le mieux. SUNLIGHT ZONE -PART. I Flyer Intention : Communiquer la l\u00e9g\u00e8ret\u00e9, la clart\u00e9 et l&rsquo;invitation Traitement graphique : Inspir\u00e9 de la partie la plus claire de l&rsquo;oc\u00e9an (la surface). Ce support repr\u00e9sente la 1\u00e8re\u00a0\u00a0partie du d\u00e9fil\u00e9. L&rsquo;ambiance visuelle est domin\u00e9e par des teintes claires et lumineuses. Le jeu de reflet y est vif et direct, symbolisant l&rsquo;\u00e9nergie de la surface, o\u00f9 la lumi\u00e8re p\u00e9n\u00e8tre le mieux. MIDNIGHT ZONE PART. II Poste Instagram Intention : Cr\u00e9er de l&rsquo;engagement social autour d&rsquo;un d\u00e9tail mode embl\u00e9matique. Traitement graphique : Ce visuel symbolise la zone interm\u00e9diaire (Midnight Zone) et la 2\u00e8me\u00a0partie du d\u00e9fil\u00e9. Il utilise une couleur plus bleu fonc\u00e9, l&rsquo;atmosph\u00e8re est plus dense et satur\u00e9e, \u00e9voquant la profondeur moyenne o\u00f9 la lumi\u00e8re s&rsquo;estompe. La composition met l&rsquo;accent sur le contraste entre l&rsquo;objet (la botte) et le fond, soulignant une esth\u00e9tique de shooting mode plus sombre et sophistiqu\u00e9e. ABYSS &#8211; PART. III Affiche Intention : Marquer l&rsquo;\u00e9v\u00e9nement avec une image forte et dramatique. Traitement graphique : Inspir\u00e9 des abysses, ce visuel repr\u00e9sente la 3\u00e8me\u00a0partie du d\u00e9fil\u00e9. La lumi\u00e8re y est la plus faible, d&rsquo;o\u00f9 le choix d&rsquo;une intensit\u00e9 \u00ab\u00a0de moins en moins claire\u00a0\u00bb et de plus en plus orange (couch\u00e9 de soleil). Les reflets sur l&rsquo;eau sont plus diffus et abstraits, cr\u00e9ant un sentiment d&rsquo;isolement et de profondeur extr\u00eame, et servant de point culminant dramatique au show. LE R\u00c9VEIL DES LOUPS Pour la rentr\u00e9e de janvier 2027 au campus Eductive Reims, nous avons imagin\u00e9 un \u00e9v\u00e9nement immersif sur le th\u00e8me d\u2019Halloween : Le R\u00e9veil des Loups. Inspir\u00e9 du jeu Loup-Garou, il se d\u00e9cline sur deux dates une soir\u00e9e pour les \u00e9l\u00e8ves et une journ\u00e9e JPO pour les prospects. J\u2019ai r\u00e9alis\u00e9 les supports de communication \u00e0 l&rsquo;aide de canva, dont un flyer et une affiche imprim\u00e9e en deux versions selon le public vis\u00e9. Flyer Intention : Informer rapidement et efficacement les prospects sur l\u2019\u00e9v\u00e9nement JPO, tout en \u00e9veillant leur curiosit\u00e9. Traitement graphique : Le fond beige contraste avec les visuels sombres des affiches, cr\u00e9ant une rupture visuelle qui attire l\u2019\u0153il. La griffe en \u00e9l\u00e9ment central \u00e9voque le th\u00e8me du loup-garou tout en gardant une esth\u00e9tique \u00e9pur\u00e9e. Le format compact et direct permet une diffusion facile en main \u00e0 main ou en d\u00e9p\u00f4t Affiche Intention : Cr\u00e9er une identit\u00e9 forte et immersive autour de l\u2019\u00e9v\u00e9nement Le R\u00e9veil des Loups, en attirant deux publics distincts les \u00e9l\u00e8ves du campus et les futurs \u00e9tudiants tout en gardant une coh\u00e9rence visuelle. Traitement graphique : L\u2019affiche repose sur une ambiance sombre et myst\u00e9rieuse, avec une pleine lune, des silhouettes de loups et une architecture inqui\u00e9tante du campus. Elle \u00e9voque l\u2019univers du jeu Loup-Garou en grandeur nature. La composition est identique pour les deux impressions, seule la date change : Version 1 : pour les \u00e9l\u00e8ves, avec la date de la soir\u00e9e immersive. Version 2 : pour les prospects, avec la date de la JPO en journ\u00e9e. Cette double impression permet de cibler chaque public tout en conservant une esth\u00e9tique coh\u00e9rente et impactante.<\/p>\n","protected":false},"author":1,"featured_media":0,"parent":0,"menu_order":0,"comment_status":"closed","ping_status":"closed","template":"","meta":{"footnotes":""},"class_list":["post-1508","page","type-page","status-publish","hentry"],"_links":{"self":[{"href":"https:\/\/taina-mangeot.icca-reims.fr\/index.php?rest_route=\/wp\/v2\/pages\/1508","targetHints":{"allow":["GET"]}}],"collection":[{"href":"https:\/\/taina-mangeot.icca-reims.fr\/index.php?rest_route=\/wp\/v2\/pages"}],"about":[{"href":"https:\/\/taina-mangeot.icca-reims.fr\/index.php?rest_route=\/wp\/v2\/types\/page"}],"author":[{"embeddable":true,"href":"https:\/\/taina-mangeot.icca-reims.fr\/index.php?rest_route=\/wp\/v2\/users\/1"}],"replies":[{"embeddable":true,"href":"https:\/\/taina-mangeot.icca-reims.fr\/index.php?rest_route=%2Fwp%2Fv2%2Fcomments&post=1508"}],"version-history":[{"count":79,"href":"https:\/\/taina-mangeot.icca-reims.fr\/index.php?rest_route=\/wp\/v2\/pages\/1508\/revisions"}],"predecessor-version":[{"id":2779,"href":"https:\/\/taina-mangeot.icca-reims.fr\/index.php?rest_route=\/wp\/v2\/pages\/1508\/revisions\/2779"}],"wp:attachment":[{"href":"https:\/\/taina-mangeot.icca-reims.fr\/index.php?rest_route=%2Fwp%2Fv2%2Fmedia&parent=1508"}],"curies":[{"name":"wp","href":"https:\/\/api.w.org\/{rel}","templated":true}]}}